{"id":96237,"date":"2025-12-05T16:05:28","date_gmt":"2025-12-05T13:05:28","guid":{"rendered":"https:\/\/baldumarket.lt\/product\/dora-05-dab-evoke-komoda-1d3s\/"},"modified":"2026-04-07T13:39:59","modified_gmt":"2026-04-07T10:39:59","slug":"dora-05-dab-evoke-komoda-1d3s","status":"publish","type":"product","link":"https:\/\/baldumarket.lt\/lt\/product\/dora-05-dab-evoke-komoda-1d3s\/","title":{"rendered":"Dora 05 dab evoke \u2013 komoda 1D3S"},"content":{"rendered":"<p>Kompakti\u0161ka komoda \u201eDora 05\u201c \u2013 puikus sprendimas daikt\u0173 laikymui. U\u017e dureli\u0173 yra du erdv\u016bs skyriai, puikiai tinkantys drabu\u017eiams, rank\u0161luos\u010diams ir stalo \u012frankiams laikyti. De\u0161in\u0117je komodos pus\u0117je yra trys stal\u010diai, puikiai tinkantys dokumentams ar nam\u0173 tekstilei. Platus stalvir\u0161is \u2013 puiki vieta eleganti\u0161koms vazoms ar kelioni\u0173 suvenyrams eksponuoti. Rinkit\u0117s komod\u0105 \u201eDora\u201c ir palaikykite tvark\u0105 savo interjere.<br \/>\n\u2022 Funkcionalus baldas su gra\u017eiu dizainu.<br \/>\n\u2022 Priekin\u0117s dalys ir lentjuost\u0117s pagamintos i\u0161 lenktos MDF plok\u0161t\u0117s.<br \/>\n\u2022 Ergonomi\u0161kos rankenos.<br \/>\n\u2022 Stal\u010diai su sutvirtintais dugnais ir pilno i\u0161traukimo funkcija.<br \/>\n\u2022 \u0160velniai u\u017esidarantys vyriai.<\/p>","protected":false},"excerpt":{"rendered":"<p>Kompakti\u0161ka komoda \u201eDora 05\u201c \u2013 puikus sprendimas daiktams laikyti. U\u017e dureli\u0173 yra du erdv\u016bs skyriai, puikiai tinkantys drabu\u017eiams, rank\u0161luos\u010diams ir stalo \u012frankiams laikyti. De\u0161in\u0117je komodos pus\u0117je yra trys stal\u010diai, puikiai tinkantys dokumentams ar nam\u0173 tekstilei. Platus stalvir\u0161is \u2013 puiki vieta eleganti\u0161koms vazoms ar [\u2026]<\/p>","protected":false},"featured_media":96238,"comment_status":"open","ping_status":"open","template":"","meta":[],"product_brand":[],"product_cat":[1173,2255,9212],"product_tag":[],"class_list":{"0":"post-96237","1":"product","2":"type-product","3":"status-publish","4":"has-post-thumbnail","6":"product_cat-chests-of-drawers","7":"product_cat-ml-meble","8":"product_cat-furniture-system-dora-ml-meble","10":"first","11":"instock","12":"purchasable","13":"product-type-simple"},"_links":{"self":[{"href":"https:\/\/baldumarket.lt\/lt\/wp-json\/wp\/v2\/product\/96237","targetHints":{"allow":["GET"]}}],"collection":[{"href":"https:\/\/baldumarket.lt\/lt\/wp-json\/wp\/v2\/product"}],"about":[{"href":"https:\/\/baldumarket.lt\/lt\/wp-json\/wp\/v2\/types\/product"}],"replies":[{"embeddable":true,"href":"https:\/\/baldumarket.lt\/lt\/wp-json\/wp\/v2\/comments?post=96237"}],"wp:featuredmedia":[{"embeddable":true,"href":"https:\/\/baldumarket.lt\/lt\/wp-json\/wp\/v2\/media\/96238"}],"wp:attachment":[{"href":"https:\/\/baldumarket.lt\/lt\/wp-json\/wp\/v2\/media?parent=96237"}],"wp:term":[{"taxonomy":"product_brand","embeddable":true,"href":"https:\/\/baldumarket.lt\/lt\/wp-json\/wp\/v2\/product_brand?post=96237"},{"taxonomy":"product_cat","embeddable":true,"href":"https:\/\/baldumarket.lt\/lt\/wp-json\/wp\/v2\/product_cat?post=96237"},{"taxonomy":"product_tag","embeddable":true,"href":"https:\/\/baldumarket.lt\/lt\/wp-json\/wp\/v2\/product_tag?post=96237"}],"curies":[{"name":"wp","href":"https:\/\/api.w.org\/{rel}","templated":true}]}}