{"id":96228,"date":"2025-12-05T16:05:20","date_gmt":"2025-12-05T13:05:20","guid":{"rendered":"https:\/\/baldumarket.lt\/product\/dora-03-dab-evoke-witryna-2d\/"},"modified":"2026-04-07T13:39:59","modified_gmt":"2026-04-07T10:39:59","slug":"dora-03-dab-evoke-witryna-2d","status":"publish","type":"product","link":"https:\/\/baldumarket.lt\/lt\/product\/dora-03-dab-evoke-witryna-2d\/","title":{"rendered":"Dora 03 dab evoke \u2013 2D svetain\u0117"},"content":{"rendered":"<p>\u201eDora 03\u201c vitrina \u2013 tai baldas, leid\u017eiantis laikyti ir eksponuoti m\u0117gstamiausius daiktus. Ji padalinta \u012f tris dalis. Vir\u0161utin\u0117 ir apatin\u0117 dalys yra pasl\u0117ptos nuo sve\u010di\u0173 aki\u0173. Trijose erdviose ni\u0161ose yra vietos stalties\u0117ms, rank\u0161luos\u010diams ar kitiems nam\u0173 tekstil\u0117s gaminiams. Vidurin\u0117 dalis yra stiklu u\u017edara erdv\u0117. \u0160ioje erdv\u0117je galite eksponuoti m\u0117gstamiausius daiktus \u2013 porcelianinius puodelius ar gra\u017eius, stilingus stalo \u012frankius. Pasirinkite \u201eDora\u201c vitrin\u0105 ir palaikykite tvark\u0105 savo interjere.<\/p>\n<p>\u2022 Funkcionalus baldas su gra\u017eiu dizainu.<br \/>\n\u2022 Priekin\u0117s dalys ir apdailos detal\u0117s pagamintos i\u0161 lenktos MDF plok\u0161t\u0117s.<br \/>\n\u2022 Patvarus gr\u016bdintas stiklas.<br \/>\n\u2022 Vitrinos ap\u0161vietimas galimas kaip papildoma parinktis.<br \/>\n\u2022 Ergonomi\u0161kos rankenos.<br \/>\n\u2022 \u0160velniai u\u017esidarantys vyriai.<\/p>","protected":false},"excerpt":{"rendered":"<p>\u201eDora 03\u201c vitrina \u2013 tai baldas, leid\u017eiantis laikyti ir eksponuoti m\u0117gstamiausius daiktus. Ji padalinta \u012f tris dalis. Vir\u0161utin\u0117 ir apatin\u0117 dalys yra pasl\u0117ptos nuo sve\u010di\u0173 aki\u0173. Trijose erdviose ni\u0161ose galima susid\u0117ti staltieses, rank\u0161luos\u010dius ar kitus nam\u0173 tekstil\u0117s gaminius. Vidurin\u0117 dalis yra stiklu u\u017edara erdv\u0117. [\u2026]<\/p>","protected":false},"featured_media":96229,"comment_status":"open","ping_status":"open","template":"","meta":[],"product_brand":[],"product_cat":[1173,2255,9212],"product_tag":[],"class_list":{"0":"post-96228","1":"product","2":"type-product","3":"status-publish","4":"has-post-thumbnail","6":"product_cat-chests-of-drawers","7":"product_cat-ml-meble","8":"product_cat-furniture-system-dora-ml-meble","10":"first","11":"instock","12":"purchasable","13":"product-type-simple"},"_links":{"self":[{"href":"https:\/\/baldumarket.lt\/lt\/wp-json\/wp\/v2\/product\/96228","targetHints":{"allow":["GET"]}}],"collection":[{"href":"https:\/\/baldumarket.lt\/lt\/wp-json\/wp\/v2\/product"}],"about":[{"href":"https:\/\/baldumarket.lt\/lt\/wp-json\/wp\/v2\/types\/product"}],"replies":[{"embeddable":true,"href":"https:\/\/baldumarket.lt\/lt\/wp-json\/wp\/v2\/comments?post=96228"}],"wp:featuredmedia":[{"embeddable":true,"href":"https:\/\/baldumarket.lt\/lt\/wp-json\/wp\/v2\/media\/96229"}],"wp:attachment":[{"href":"https:\/\/baldumarket.lt\/lt\/wp-json\/wp\/v2\/media?parent=96228"}],"wp:term":[{"taxonomy":"product_brand","embeddable":true,"href":"https:\/\/baldumarket.lt\/lt\/wp-json\/wp\/v2\/product_brand?post=96228"},{"taxonomy":"product_cat","embeddable":true,"href":"https:\/\/baldumarket.lt\/lt\/wp-json\/wp\/v2\/product_cat?post=96228"},{"taxonomy":"product_tag","embeddable":true,"href":"https:\/\/baldumarket.lt\/lt\/wp-json\/wp\/v2\/product_tag?post=96228"}],"curies":[{"name":"wp","href":"https:\/\/api.w.org\/{rel}","templated":true}]}}