{"id":335904,"date":"2026-03-07T19:06:49","date_gmt":"2026-03-07T16:06:49","guid":{"rendered":"https:\/\/baldumarket.lt\/?post_type=product&#038;p=335904"},"modified":"2026-03-26T18:06:57","modified_gmt":"2026-03-26T15:06:57","slug":"milosz","status":"publish","type":"product","link":"https:\/\/baldumarket.lt\/lt\/product\/milosz\/","title":{"rendered":"Bald\u0173 sienel\u0117 MI\u0141OSZ"},"content":{"rendered":"<p>Plotis\/Auk\u0161tis\/Gylis: 240\/200\/52 cm<br \/>\n\u0160is stalas su \u0161onin\u0117mis lentynomis ir vir\u0161utine lentyna puikiai tinka tiek biurui, tiek namams, kur reikia specialios darbo ir mokymosi zonos. \u0160is didelis, ta\u010diau kompakti\u0161kas baldas tikrai sutalpins visk\u0105, ko jums reikia.<br \/>\nI\u0161sam\u016bs komponent\u0173 apra\u0161ymai:<br \/>\n\u2013 Kairysis lentyn\u0173 blokas (plotis 50\/200\/gylis 52 cm) su vidin\u0117mis lentynomis ir stal\u010diumi<br \/>\n\u2013 Stalo spintel\u0117 (plotis 140 cm) su dviem \u0161oniniais stal\u010diais<br \/>\n\u2013 De\u0161in\u0117 lentyn\u0173 sekcija (plotis 50\/200\/gylis 42 cm) su vidin\u0117mis lentynomis ir stal\u010diumi<br \/>\n\u2013 Vir\u0161utin\u0117 lentyna vir\u0161 stalo, pritvirtinta prie \u0161onini\u0173 lentyn\u0173<\/p>","protected":false},"excerpt":{"rendered":"<p>Plotis\/Auk\u0161tis\/Gylis: 240\/200\/52 cm \u0160is stalas su \u0161onin\u0117mis lentynomis ir vir\u0161utine lentyna puikiai tinka tiek biurui, tiek namams, kur reikia specialios darbo ir studij\u0173 zonos. \u0160is didelis, ta\u010diau kompakti\u0161kas baldas tikrai tilps visk\u0105, ko jums reikia. I\u0161sam\u016bs komponent\u0173 apra\u0161ymai: \u2013 Kairysis lentyn\u0173 blokas (plotis 50\/200\/gylis 52 cm) su vidiniu [\u2026]<\/p>","protected":false},"featured_media":335947,"comment_status":"open","ping_status":"closed","template":"","meta":[],"product_brand":[],"product_cat":[9879,9880,2008],"product_tag":[],"class_list":{"0":"post-335904","1":"product","2":"type-product","3":"status-publish","4":"has-post-thumbnail","6":"product_cat-krajan","7":"product_cat-classic-furniture-krajan","8":"product_cat-wall-units","10":"first","11":"instock","12":"shipping-taxable","13":"purchasable","14":"product-type-variable","15":"wvs-archive-product-wrapper"},"_links":{"self":[{"href":"https:\/\/baldumarket.lt\/lt\/wp-json\/wp\/v2\/product\/335904","targetHints":{"allow":["GET"]}}],"collection":[{"href":"https:\/\/baldumarket.lt\/lt\/wp-json\/wp\/v2\/product"}],"about":[{"href":"https:\/\/baldumarket.lt\/lt\/wp-json\/wp\/v2\/types\/product"}],"replies":[{"embeddable":true,"href":"https:\/\/baldumarket.lt\/lt\/wp-json\/wp\/v2\/comments?post=335904"}],"wp:featuredmedia":[{"embeddable":true,"href":"https:\/\/baldumarket.lt\/lt\/wp-json\/wp\/v2\/media\/335947"}],"wp:attachment":[{"href":"https:\/\/baldumarket.lt\/lt\/wp-json\/wp\/v2\/media?parent=335904"}],"wp:term":[{"taxonomy":"product_brand","embeddable":true,"href":"https:\/\/baldumarket.lt\/lt\/wp-json\/wp\/v2\/product_brand?post=335904"},{"taxonomy":"product_cat","embeddable":true,"href":"https:\/\/baldumarket.lt\/lt\/wp-json\/wp\/v2\/product_cat?post=335904"},{"taxonomy":"product_tag","embeddable":true,"href":"https:\/\/baldumarket.lt\/lt\/wp-json\/wp\/v2\/product_tag?post=335904"}],"curies":[{"name":"wp","href":"https:\/\/api.w.org\/{rel}","templated":true}]}}