{"id":235678,"date":"2025-12-29T22:42:06","date_gmt":"2025-12-29T19:42:06","guid":{"rendered":"https:\/\/baldumarket.lt\/product\/erden-witryna-niska-2d1w1s-bialy\/"},"modified":"2026-02-11T18:34:49","modified_gmt":"2026-02-11T15:34:49","slug":"erden-witryna-niska-2d1w1s-bialy","status":"publish","type":"product","link":"https:\/\/baldumarket.lt\/lt\/product\/erden-witryna-niska-2d1w1s-bialy\/","title":{"rendered":"ERDEN \u017eema vitrina, 2 vnt., 1 vnt., balta"},"content":{"rendered":"<p>Kolekcija: Erden Surinkta: Ne Plotis: 85,6 Auk\u0161tis: 153 Gylis: 36,2 Dur\u0173 skai\u010dius: 3 Stal\u010di\u0173 skai\u010dius: 1 ERDEN \u017eema vitrina, 2 durys, viena dalis, balta<br \/>\n\u2019LOW 2 Doors\u201c vientisa vitrina i\u0161 ERDEN kolekcijos, pasi\u017eyminti paprastomis linijomis ir ry\u0161kiomis spalvomis, papildys tiek modern\u0173, tiek tradicin\u012f interjer\u0105. Tai eleganti\u0161kas ir labai funkcionalus baldas. Ji turi stiklin\u0119 dal\u012f, kuri\u0105 galima naudoti stalo \u012frankiams, dekoratyviniams daiktams, suvenyrams ar kolekciniams daiktams eksponuoti. Unikali galimyb\u0117 \u2013 \u012frengti 3 ta\u0161k\u0173 LED ap\u0161vietim\u0105, suteikiant\u012f visam spinteliui unikali\u0105 i\u0161vaizd\u0105. U\u017edara dalis susideda i\u0161 stal\u010diaus ir dviej\u0173 erdvi\u0173 spinteli\u0173, kuriose galima laikyti daiktus, kuriuos norite apsaugoti nuo dulki\u0173. Sistema be ranken\u0117li\u0173 suteikia spintelei subtilios elegancijos. \u0160i vitrina puikiai tinka svetain\u0117ms, biurams ir net paaugli\u0173 kambariams. Raginame jus susikurti savo unikal\u0173 i\u0161d\u0117stym\u0105 ir derinti ERDEN kolekcijos baldus pagal savo pageidavimus.<br \/>\nVitrinos ap\u0161vietimas yra neprivalomas.<\/p>","protected":false},"excerpt":{"rendered":"<p>Kolekcija: Erdenas<br \/>\nPlotis cm: 85,6<br \/>\n\u016agis cm: 153<br \/>\nGylis cm: 36,2<br \/>\nDur\u0173 skai\u010dius: 3<br \/>\nStal\u010di\u0173 skai\u010dius: 1<\/p>","protected":false},"featured_media":235679,"comment_status":"open","ping_status":"open","template":"","meta":[],"product_brand":[],"product_cat":[9334,2970,2006],"product_tag":[],"class_list":{"0":"post-235678","1":"product","2":"type-product","3":"status-publish","4":"has-post-thumbnail","6":"product_cat-furniture-collection-erden","7":"product_cat-mebelbos","8":"product_cat-vitrines","10":"first","11":"instock","12":"purchasable","13":"product-type-simple"},"_links":{"self":[{"href":"https:\/\/baldumarket.lt\/lt\/wp-json\/wp\/v2\/product\/235678","targetHints":{"allow":["GET"]}}],"collection":[{"href":"https:\/\/baldumarket.lt\/lt\/wp-json\/wp\/v2\/product"}],"about":[{"href":"https:\/\/baldumarket.lt\/lt\/wp-json\/wp\/v2\/types\/product"}],"replies":[{"embeddable":true,"href":"https:\/\/baldumarket.lt\/lt\/wp-json\/wp\/v2\/comments?post=235678"}],"wp:featuredmedia":[{"embeddable":true,"href":"https:\/\/baldumarket.lt\/lt\/wp-json\/wp\/v2\/media\/235679"}],"wp:attachment":[{"href":"https:\/\/baldumarket.lt\/lt\/wp-json\/wp\/v2\/media?parent=235678"}],"wp:term":[{"taxonomy":"product_brand","embeddable":true,"href":"https:\/\/baldumarket.lt\/lt\/wp-json\/wp\/v2\/product_brand?post=235678"},{"taxonomy":"product_cat","embeddable":true,"href":"https:\/\/baldumarket.lt\/lt\/wp-json\/wp\/v2\/product_cat?post=235678"},{"taxonomy":"product_tag","embeddable":true,"href":"https:\/\/baldumarket.lt\/lt\/wp-json\/wp\/v2\/product_tag?post=235678"}],"curies":[{"name":"wp","href":"https:\/\/api.w.org\/{rel}","templated":true}]}}