{"id":179738,"date":"2025-12-21T13:04:48","date_gmt":"2025-12-21T10:04:48","guid":{"rendered":"https:\/\/baldumarket.lt\/product\/stol-moreno-160-cm\/"},"modified":"2026-03-05T09:25:08","modified_gmt":"2026-03-05T06:25:08","slug":"stol-moreno-160-cm","status":"publish","type":"product","link":"https:\/\/baldumarket.lt\/lt\/product\/stol-moreno-160-cm\/","title":{"rendered":"MORENO stalas 160 cm"},"content":{"rendered":"<p>\u201eMoreno\u201c stalas \u2013 tai unikalus baldas, kuris neabejotinai traukia d\u0117mes\u012f savo gra\u017eia i\u0161vaizda ir funkcionalumu. Jo stalvir\u0161is pagamintas i\u0161 vienodos nat\u016bralios sen\u0173 \u0105\u017euolo r\u0105st\u0173 faneros, suteikian\u010dios jam unikal\u0173 ir kaimi\u0161k\u0105 charakter\u012f. \u012e stalvir\u0161\u012f \u012fkomponuoti med\u017eio masyvo elementai suteikia papildomo \u017eavesio. Stalo kojos pagamintos vien i\u0161 med\u017eio masyvo, u\u017etikrinant tvirt\u0105 ir patvari\u0105 konstrukcij\u0105. J\u0173 eleganti\u0161kas dizainas ir nat\u016brali medienos tekst\u016bra puikiai papildo stalo kaimi\u0161k\u0105 stili\u0173. Vienas i\u0161 puiki\u0173 \u201eMoreno\u201c stalo privalum\u0173 \u2013 drugelio formos prailginimo mechanizmas. \u0160is sprendimas leid\u017eia stalvir\u0161\u012f lengvai prailginti dar 80 cm. Siekiant dar labiau palengvinti mechanizmo veikim\u0105, stalo viduje yra stal\u010dius su drugelio formos \u012fd\u0117klu, tod\u0117l jis prakti\u0161kai nematomas. \u201eMoreno\u201c stalas yra ne tik gra\u017eus interjero dizaino elementas, bet ir prakti\u0161kas sprendimas \u0161eimos susib\u016brimams ir didesniems vakar\u0117liams. D\u0117l i\u0161traukiamo stalvir\u0161io stalvir\u0161\u012f galima pritaikyti pagal j\u016bs\u0173 poreikius ir suteikti vietos daugiau sve\u010di\u0173. \u201eMoreno\u201c stalas \u2013 tai estetikos, tvirtumo ir funkcionalumo derinys, tod\u0117l jis yra puikus pasirinkimas tiems, kurie vertina unikalius baldus su nat\u016bralumu.<\/p>","protected":false},"excerpt":{"rendered":"<p>Plotis: 160\u2013240 cm<br \/>\nGylis: 90 cm<br \/>\nAuk\u0161tis: 75 cm<\/p>","protected":false},"featured_media":179739,"comment_status":"open","ping_status":"open","template":"","meta":[],"product_brand":[],"product_cat":[9802,4745,1934],"product_tag":[],"class_list":{"0":"post-179738","1":"product","2":"type-product","3":"status-publish","4":"has-post-thumbnail","6":"product_cat-furniture-system-moreno-krysiak","7":"product_cat-krysiak","8":"product_cat-tables","10":"first","11":"instock","12":"purchasable","13":"product-type-simple"},"_links":{"self":[{"href":"https:\/\/baldumarket.lt\/lt\/wp-json\/wp\/v2\/product\/179738","targetHints":{"allow":["GET"]}}],"collection":[{"href":"https:\/\/baldumarket.lt\/lt\/wp-json\/wp\/v2\/product"}],"about":[{"href":"https:\/\/baldumarket.lt\/lt\/wp-json\/wp\/v2\/types\/product"}],"replies":[{"embeddable":true,"href":"https:\/\/baldumarket.lt\/lt\/wp-json\/wp\/v2\/comments?post=179738"}],"wp:featuredmedia":[{"embeddable":true,"href":"https:\/\/baldumarket.lt\/lt\/wp-json\/wp\/v2\/media\/179739"}],"wp:attachment":[{"href":"https:\/\/baldumarket.lt\/lt\/wp-json\/wp\/v2\/media?parent=179738"}],"wp:term":[{"taxonomy":"product_brand","embeddable":true,"href":"https:\/\/baldumarket.lt\/lt\/wp-json\/wp\/v2\/product_brand?post=179738"},{"taxonomy":"product_cat","embeddable":true,"href":"https:\/\/baldumarket.lt\/lt\/wp-json\/wp\/v2\/product_cat?post=179738"},{"taxonomy":"product_tag","embeddable":true,"href":"https:\/\/baldumarket.lt\/lt\/wp-json\/wp\/v2\/product_tag?post=179738"}],"curies":[{"name":"wp","href":"https:\/\/api.w.org\/{rel}","templated":true}]}}