{"id":162473,"date":"2025-12-19T12:15:26","date_gmt":"2025-12-19T09:15:26","guid":{"rendered":"https:\/\/baldumarket.lt\/product\/summer-typ-41-komoda-2d-6s-san-remo-jasna-arusha\/"},"modified":"2026-02-09T10:54:26","modified_gmt":"2026-02-09T07:54:26","slug":"summer-typ-41-komoda-2d-6s-san-remo-jasna-arusha","status":"publish","type":"product","link":"https:\/\/baldumarket.lt\/lt\/product\/summer-typ-41-komoda-2d-6s-san-remo-jasna-arusha\/","title":{"rendered":"VASAROS TIPAS 41 \u2013 Komoda 2D-6S San Remo Bright\/Aru\u0161a"},"content":{"rendered":"<p>Atraskite nauj\u0105 interjero dizaino lyg\u012f su \u201eSummer TYPE 41\u201c komoda \u2013 \u201eSan Remo Light\/Arusha\u201c! \u0160is i\u0161skirtinai prakti\u0161kas, ta\u010diau akinantis baldas sukurtas tam, kad \u012f j\u016bs\u0173 namus \u012fne\u0161t\u0173 gaivaus oro g\u016bs\u012f. D\u0117l gerai apgalvoto dizaino ir didelio funkcionalumo jis puikiai dera bet kuriame kambaryje. 150 cm plo\u010dio, 92,1 cm auk\u0161\u010dio ir 39,9 cm gylio \u2013 \u0161ie matmenys leid\u017eia patogiai naudoti, neprarandant vertingos erdv\u0117s. Eleganti\u0161kas \u201eSan Remo Light\u201c ir \u201eArusha\u201c spalv\u0173 derinys, derinamas su nat\u016braliu beicu ir moderniu dizainu, paver\u010dia \u0161i\u0105 komod\u0105 baldu, kuris lengvai taps bet kurio interjero pagrindiniu elementu. Patvarios laminuotos plok\u0161t\u0117s ir MDF med\u017eiagos yra atsparios kasdieniam naudojimui \u2013 nuo \u012fbr\u0117\u017eim\u0173, dr\u0117gm\u0117s iki auk\u0161tos temperat\u016bros. Ruo\u0161iant interjer\u0105 svarbioms akimirkoms, ant \u0161ios komodos galite pastatyti ir g\u0117li\u0173 vaz\u0105, ir nuotrauk\u0173 r\u0117melius, suteikdami visai erdvei jaukumo ir asmeni\u0161kumo.<\/p>","protected":false},"excerpt":{"rendered":"<p>Plotis (cm): 150<br \/>\n\u016agis (cm): 92,1<br \/>\nGylis (cm): 39,9<\/p>","protected":false},"featured_media":162474,"comment_status":"open","ping_status":"open","template":"","meta":[],"product_brand":[],"product_cat":[9467,1173,4107],"product_tag":[],"class_list":{"0":"post-162473","1":"product","2":"type-product","3":"status-publish","4":"has-post-thumbnail","6":"product_cat-furniture-system-summer-wojcik-meble","7":"product_cat-chests-of-drawers","8":"product_cat-meble-wojcik","10":"first","11":"instock","12":"purchasable","13":"product-type-simple"},"_links":{"self":[{"href":"https:\/\/baldumarket.lt\/lt\/wp-json\/wp\/v2\/product\/162473","targetHints":{"allow":["GET"]}}],"collection":[{"href":"https:\/\/baldumarket.lt\/lt\/wp-json\/wp\/v2\/product"}],"about":[{"href":"https:\/\/baldumarket.lt\/lt\/wp-json\/wp\/v2\/types\/product"}],"replies":[{"embeddable":true,"href":"https:\/\/baldumarket.lt\/lt\/wp-json\/wp\/v2\/comments?post=162473"}],"wp:featuredmedia":[{"embeddable":true,"href":"https:\/\/baldumarket.lt\/lt\/wp-json\/wp\/v2\/media\/162474"}],"wp:attachment":[{"href":"https:\/\/baldumarket.lt\/lt\/wp-json\/wp\/v2\/media?parent=162473"}],"wp:term":[{"taxonomy":"product_brand","embeddable":true,"href":"https:\/\/baldumarket.lt\/lt\/wp-json\/wp\/v2\/product_brand?post=162473"},{"taxonomy":"product_cat","embeddable":true,"href":"https:\/\/baldumarket.lt\/lt\/wp-json\/wp\/v2\/product_cat?post=162473"},{"taxonomy":"product_tag","embeddable":true,"href":"https:\/\/baldumarket.lt\/lt\/wp-json\/wp\/v2\/product_tag?post=162473"}],"curies":[{"name":"wp","href":"https:\/\/api.w.org\/{rel}","templated":true}]}}