{"id":162425,"date":"2025-12-19T12:13:45","date_gmt":"2025-12-19T09:13:45","guid":{"rendered":"https:\/\/baldumarket.lt\/product\/salinas-saik02-komoda-2d3s-biala-dab-catania-czarna\/"},"modified":"2026-04-06T20:05:34","modified_gmt":"2026-04-06T17:05:34","slug":"salinas-saik02-komoda-2d3s-biala-dab-catania-czarna","status":"publish","type":"product","link":"https:\/\/baldumarket.lt\/lt\/product\/salinas-saik02-komoda-2d3s-biala-dab-catania-czarna\/","title":{"rendered":"Salinas SAIK02 \u2013 Komoda 2D3S Balta\/Katanijos \u0105\u017euolas\/juoda"},"content":{"rendered":"<p>Papuo\u0161kite savo namus moderniu stiliumi su \u201eSalinas SAIK02\u201c indauja \u2013 puikus papildymas tiems, kurie vertina erdv\u0119 ir dizain\u0105. \u0160is 2D3S modelis, apdailintas \u0161iltais Katanijos \u0105\u017euolo atspalviais, kontrastuojan\u010diais su gryna Alpi\u0173 balta ir eleganti\u0161ka juoda spalvomis, yra baldas, kurio tiesiog negalima ignoruoti. 183,1 cm plo\u010dio, 85 cm auk\u0161\u010dio ir 40 cm gylio \u201eSalinas SAIK02\u201c indauja si\u016blo erdv\u0119 daiktams susid\u0117ti, kuri patenkins net ir reikliausi\u0173 vartotoj\u0173 poreikius. Tvirta laminuot\u0173 plok\u0161\u010di\u0173 konstrukcija tiek korpuse, tiek priekin\u0117je dalyje u\u017etikrina patvarum\u0105 ir atsparum\u0105 kasdieniam naudojimui. Indauja turi tris prakti\u0161kus stal\u010dius ir dvi erdvias lentynas u\u017e dureli\u0173, tod\u0117l yra daug vietos m\u0117gstamiems daiktams, kuriuos visi nori tur\u0117ti po ranka. Be funkcionalumo, \u201eSalinas SAIK02\u201c taip pat gali pasigirti moderniais techniniais sprendimais. Stal\u010di\u0173 b\u0117geliuose ir dureli\u0173 vyriuose naudojama \u0161velnaus u\u017edarymo sistema suma\u017eina bald\u0173 u\u017edarymo triuk\u0161m\u0105, u\u017etikrindama komfort\u0105 ir ramyb\u0119 jaukiuose namuose. \u0160i detal\u0117 daro didel\u0119 \u012ftak\u0105 kasdieniam naudojimui ir pagerina bald\u0173 apdail\u0105.<\/p>","protected":false},"excerpt":{"rendered":"<p>Plotis (cm): 183,1<br \/>\n\u016agis (cm): 85<br \/>\nGylis (cm): 40<\/p>","protected":false},"featured_media":162426,"comment_status":"open","ping_status":"open","template":"","meta":[],"product_brand":[],"product_cat":[9498,1173,4107],"product_tag":[],"class_list":{"0":"post-162425","1":"product","2":"type-product","3":"status-publish","4":"has-post-thumbnail","6":"product_cat-furniture-system-salinas-wojcik-meble","7":"product_cat-chests-of-drawers","8":"product_cat-meble-wojcik","10":"first","11":"instock","12":"purchasable","13":"product-type-simple"},"_links":{"self":[{"href":"https:\/\/baldumarket.lt\/lt\/wp-json\/wp\/v2\/product\/162425","targetHints":{"allow":["GET"]}}],"collection":[{"href":"https:\/\/baldumarket.lt\/lt\/wp-json\/wp\/v2\/product"}],"about":[{"href":"https:\/\/baldumarket.lt\/lt\/wp-json\/wp\/v2\/types\/product"}],"replies":[{"embeddable":true,"href":"https:\/\/baldumarket.lt\/lt\/wp-json\/wp\/v2\/comments?post=162425"}],"wp:featuredmedia":[{"embeddable":true,"href":"https:\/\/baldumarket.lt\/lt\/wp-json\/wp\/v2\/media\/162426"}],"wp:attachment":[{"href":"https:\/\/baldumarket.lt\/lt\/wp-json\/wp\/v2\/media?parent=162425"}],"wp:term":[{"taxonomy":"product_brand","embeddable":true,"href":"https:\/\/baldumarket.lt\/lt\/wp-json\/wp\/v2\/product_brand?post=162425"},{"taxonomy":"product_cat","embeddable":true,"href":"https:\/\/baldumarket.lt\/lt\/wp-json\/wp\/v2\/product_cat?post=162425"},{"taxonomy":"product_tag","embeddable":true,"href":"https:\/\/baldumarket.lt\/lt\/wp-json\/wp\/v2\/product_tag?post=162425"}],"curies":[{"name":"wp","href":"https:\/\/api.w.org\/{rel}","templated":true}]}}