{"id":159257,"date":"2025-12-19T00:30:51","date_gmt":"2025-12-18T21:30:51","guid":{"rendered":"https:\/\/baldumarket.lt\/product\/szafka-kuchenna-dolna-2d-sorento-d40spwn-p-l-bialy-mat\/"},"modified":"2026-02-18T11:15:24","modified_gmt":"2026-02-18T08:15:24","slug":"szafka-kuchenna-dolna-2d-sorento-d40spwn-p-l-bialy-mat","status":"publish","type":"product","link":"https:\/\/baldumarket.lt\/lt\/product\/szafka-kuchenna-dolna-2d-sorento-d40spwn-p-l-bialy-mat\/","title":{"rendered":"Apatin\u0117 virtuv\u0117s spintel\u0117 2D Sorento D40SPWN P\/L matin\u0117s baltos spalvos"},"content":{"rendered":"<p>Atraskite unikalum\u0105 kiekvienoje virtuv\u0117je su \u201eSorento\u201c apatine spintele. Matin\u0117s baltos spalvos priekis kartu su eleganti\u0161ku korpusu sukuria harmoning\u0105, minimalistin\u0119 estetik\u0105, kuri skland\u017eiai \u012fsilies \u012f modern\u0173 interjer\u0105. Auksine rankena papildyta spintel\u0117 suteikia subtil\u0173, prabang\u0173 akcent\u0105, paprast\u0105 maisto gaminim\u0105 paversdama tikrai esteti\u0161ka patirtimi. D\u0117l apgalvoto dizaino \u201eSorento\u201c apatin\u0117 spintel\u0117 yra ne tik gra\u017ei, bet ir labai funkcionali. Erdvus vidus si\u016blo daug vietos daiktams susid\u0117ti, tod\u0117l tai idealus sprendimas i\u0161rankioms virtuv\u0117ms. Reguliuojamas koj\u0173 auk\u0161tis leid\u017eia pritaikyti spintel\u0119 prie individuali\u0173 poreiki\u0173 \u2013 tai vertingas turtas kiekvienai nam\u0173 \u0161eimininkei. Tvirta \u201eSorento\u201c apatin\u0117s spintel\u0117s konstrukcija pagaminta i\u0161 auk\u0161tos kokyb\u0117s MDF ir laminuotos plok\u0161t\u0117s, u\u017etikrinan\u010dios patvarum\u0105 ir atsparum\u0105 kasdieniam naudojimui. Modern\u016bs u\u017espaud\u017eiami vyriai su \u0161velnaus u\u017edarymo funkcija u\u017etikrina patog\u0173 ir be r\u016bpes\u010di\u0173 naudojim\u0105, sukurdami naujo komforto nam\u0173 ruo\u0161oje \u012fsp\u016bd\u012f.<\/p>","protected":false},"excerpt":{"rendered":"<p>Plotis (cm): 40<br \/>\n\u016agis (cm): 247<br \/>\nGylis (cm): 58<\/p>","protected":false},"featured_media":159258,"comment_status":"open","ping_status":"open","template":"","meta":[],"product_brand":[],"product_cat":[9436,4106],"product_tag":[],"class_list":{"0":"post-159257","1":"product","2":"type-product","3":"status-publish","4":"has-post-thumbnail","6":"product_cat-kitchen-system-sorento","7":"product_cat-gala-meble","9":"first","10":"instock","11":"purchasable","12":"product-type-simple"},"_links":{"self":[{"href":"https:\/\/baldumarket.lt\/lt\/wp-json\/wp\/v2\/product\/159257","targetHints":{"allow":["GET"]}}],"collection":[{"href":"https:\/\/baldumarket.lt\/lt\/wp-json\/wp\/v2\/product"}],"about":[{"href":"https:\/\/baldumarket.lt\/lt\/wp-json\/wp\/v2\/types\/product"}],"replies":[{"embeddable":true,"href":"https:\/\/baldumarket.lt\/lt\/wp-json\/wp\/v2\/comments?post=159257"}],"wp:featuredmedia":[{"embeddable":true,"href":"https:\/\/baldumarket.lt\/lt\/wp-json\/wp\/v2\/media\/159258"}],"wp:attachment":[{"href":"https:\/\/baldumarket.lt\/lt\/wp-json\/wp\/v2\/media?parent=159257"}],"wp:term":[{"taxonomy":"product_brand","embeddable":true,"href":"https:\/\/baldumarket.lt\/lt\/wp-json\/wp\/v2\/product_brand?post=159257"},{"taxonomy":"product_cat","embeddable":true,"href":"https:\/\/baldumarket.lt\/lt\/wp-json\/wp\/v2\/product_cat?post=159257"},{"taxonomy":"product_tag","embeddable":true,"href":"https:\/\/baldumarket.lt\/lt\/wp-json\/wp\/v2\/product_tag?post=159257"}],"curies":[{"name":"wp","href":"https:\/\/api.w.org\/{rel}","templated":true}]}}