{"id":159247,"date":"2025-12-19T00:30:29","date_gmt":"2025-12-18T21:30:29","guid":{"rendered":"https:\/\/baldumarket.lt\/product\/szafka-kuchenna-dolna-2d-sorento-d40spwn-p-l-bialy-mat-puccini\/"},"modified":"2026-02-18T11:15:24","modified_gmt":"2026-02-18T08:15:24","slug":"szafka-kuchenna-dolna-2d-sorento-d40spwn-p-l-bialy-mat-puccini","status":"publish","type":"product","link":"https:\/\/baldumarket.lt\/lt\/product\/szafka-kuchenna-dolna-2d-sorento-d40spwn-p-l-bialy-mat-puccini\/","title":{"rendered":"Apatin\u0117 virtuv\u0117s spintel\u0117 2D Sorento D40SPWN P\/L matin\u0117s baltos spalvos Puccini"},"content":{"rendered":"<p>Su eleganti\u0161ka \u201eSorento\u201c apatine spintele suteikite savo virtuvei modernaus stiliaus ir prakti\u0161kumo. Klasikinis derinys \u2013 Puccini spalvos priekin\u0117 dalis su matin\u0117s baltos spalvos korpusu \u2013 sukuria subtil\u0173, ta\u010diau ry\u0161k\u0173 kontrast\u0105. Tai puikus sprendimas minimalistinio ir modernaus interjero m\u0117g\u0117jams, vertinantiems unikalum\u0105 ir funkcionalum\u0105. \u201eSorento\u201c virtuv\u0117s spintel\u0117 pasi\u017eymi ne tik stilinga i\u0161vaizda, bet ir prakti\u0161kumu. 247 cm auk\u0161\u010dio spintel\u0117 leid\u017eia optimaliai i\u0161naudoti erdv\u0119, tod\u0117l idealiai tinka tiek ma\u017eesn\u0117ms, tiek didesn\u0117ms erdv\u0117ms. Auk\u0161tos, reguliuojamo auk\u0161\u010dio kojel\u0117s suteikia spintelei lengvumo ir leid\u017eia lengvai valyti apatin\u0119 dal\u012f. Klasikin\u0117s juodos metalin\u0117s rankenos papildo bendr\u0105 dizain\u0105, suteikdamos i\u0161skirtinumo. Funkcional\u016bs \u201eClip-On\u201c vyriai su \u0161velnaus u\u017edarymo sistema u\u017etikrina skland\u0173 ir prakti\u0161kai tyl\u0173 dureli\u0173 u\u017edarym\u0105, o tai ypa\u010d svarbu kasdien naudojantis virtuve. D\u0117l to \u201eSorento\u201c spintel\u0117 yra nepakei\u010diamas bet kurios gerai organizuotos virtuv\u0117s elementas.<\/p>","protected":false},"excerpt":{"rendered":"<p>Plotis (cm): 40<br \/>\n\u016agis (cm): 247<br \/>\nGylis (cm): 58<\/p>","protected":false},"featured_media":159248,"comment_status":"open","ping_status":"open","template":"","meta":[],"product_brand":[],"product_cat":[9436,4106],"product_tag":[],"class_list":{"0":"post-159247","1":"product","2":"type-product","3":"status-publish","4":"has-post-thumbnail","6":"product_cat-kitchen-system-sorento","7":"product_cat-gala-meble","9":"first","10":"instock","11":"purchasable","12":"product-type-simple"},"_links":{"self":[{"href":"https:\/\/baldumarket.lt\/lt\/wp-json\/wp\/v2\/product\/159247","targetHints":{"allow":["GET"]}}],"collection":[{"href":"https:\/\/baldumarket.lt\/lt\/wp-json\/wp\/v2\/product"}],"about":[{"href":"https:\/\/baldumarket.lt\/lt\/wp-json\/wp\/v2\/types\/product"}],"replies":[{"embeddable":true,"href":"https:\/\/baldumarket.lt\/lt\/wp-json\/wp\/v2\/comments?post=159247"}],"wp:featuredmedia":[{"embeddable":true,"href":"https:\/\/baldumarket.lt\/lt\/wp-json\/wp\/v2\/media\/159248"}],"wp:attachment":[{"href":"https:\/\/baldumarket.lt\/lt\/wp-json\/wp\/v2\/media?parent=159247"}],"wp:term":[{"taxonomy":"product_brand","embeddable":true,"href":"https:\/\/baldumarket.lt\/lt\/wp-json\/wp\/v2\/product_brand?post=159247"},{"taxonomy":"product_cat","embeddable":true,"href":"https:\/\/baldumarket.lt\/lt\/wp-json\/wp\/v2\/product_cat?post=159247"},{"taxonomy":"product_tag","embeddable":true,"href":"https:\/\/baldumarket.lt\/lt\/wp-json\/wp\/v2\/product_tag?post=159247"}],"curies":[{"name":"wp","href":"https:\/\/api.w.org\/{rel}","templated":true}]}}