{"id":159172,"date":"2025-12-19T00:27:44","date_gmt":"2025-12-18T21:27:44","guid":{"rendered":"https:\/\/baldumarket.lt\/product\/szafka-kuchenna-dolna-2d-sorento-d60t-p-l-ax-baltic-storm\/"},"modified":"2026-02-18T11:14:51","modified_gmt":"2026-02-18T08:14:51","slug":"szafka-kuchenna-dolna-2d-sorento-d60t-p-l-ax-baltic-storm","status":"publish","type":"product","link":"https:\/\/baldumarket.lt\/lt\/product\/szafka-kuchenna-dolna-2d-sorento-d60t-p-l-ax-baltic-storm\/","title":{"rendered":"Apatin\u0117 virtuv\u0117s spintel\u0117 2D Sorento D60T P\/L AX Baltic Storm"},"content":{"rendered":"<p>Atraskite nauj\u0105 virtuv\u0117s organizavimo dimensij\u0105 su \u201eSorento D60T 2-D\u201c apatine virtuv\u0117s spintele madingos \u201eBaltic Storm\u201c spalvos. Unikalus \u0161io baldo dizainas ir funkcionalumas suteiks j\u016bs\u0173 virtuvei nauj\u0105 charakter\u012f. 60 cm plo\u010dio, 247 cm auk\u0161\u010dio ir 58 cm gylio spintel\u0117 puikiai der\u0117s prie bet kokios erdv\u0117s ir u\u017etikrins maksimal\u0173 komfort\u0105. Pagaminta i\u0161 auk\u0161tos kokyb\u0117s laminuotos plok\u0161t\u0117s, \u0161i spintel\u0117 yra ne tik vizualiai patraukli, bet ir atspari pa\u017eeidimams. D\u0117l kruop\u0161\u010diai atrinkt\u0173 med\u017eiag\u0173 jos i\u0161vaizda gal\u0117site d\u017eiaugtis ilgus metus. Eleganti\u0161kos, juodos, reguliuojamo auk\u0161\u010dio kojel\u0117s suteikia spintelei lengvumo ir modernumo, o j\u0173 pakelta konstrukcija leid\u017eia lengviau palaikyti \u0161var\u0105 virtuv\u0117je. Spintel\u0117s funkcionalumas yra neprilygstamas. Viduje yra penki prakti\u0161ki, visi\u0161kai i\u0161traukiami stal\u010diai, kurie pad\u0117s sutvarkyti j\u016bs\u0173 virtuv\u0117s reikmenis, tod\u0117l kasdienis maisto gaminimas taps malonumu. Be to, tvirtos lentynos ir klasikin\u0117s juodos metalin\u0117s rankenos u\u017etikrina ne tik estetin\u012f patrauklum\u0105, bet ir patvarum\u0105 bei komfort\u0105.<\/p>","protected":false},"excerpt":{"rendered":"<p>Plotis (cm): 60<br \/>\n\u016agis (cm): 247<br \/>\nGylis (cm): 58<\/p>","protected":false},"featured_media":159173,"comment_status":"open","ping_status":"open","template":"","meta":[],"product_brand":[],"product_cat":[9436,4106],"product_tag":[],"class_list":{"0":"post-159172","1":"product","2":"type-product","3":"status-publish","4":"has-post-thumbnail","6":"product_cat-kitchen-system-sorento","7":"product_cat-gala-meble","9":"first","10":"instock","11":"purchasable","12":"product-type-simple"},"_links":{"self":[{"href":"https:\/\/baldumarket.lt\/lt\/wp-json\/wp\/v2\/product\/159172","targetHints":{"allow":["GET"]}}],"collection":[{"href":"https:\/\/baldumarket.lt\/lt\/wp-json\/wp\/v2\/product"}],"about":[{"href":"https:\/\/baldumarket.lt\/lt\/wp-json\/wp\/v2\/types\/product"}],"replies":[{"embeddable":true,"href":"https:\/\/baldumarket.lt\/lt\/wp-json\/wp\/v2\/comments?post=159172"}],"wp:featuredmedia":[{"embeddable":true,"href":"https:\/\/baldumarket.lt\/lt\/wp-json\/wp\/v2\/media\/159173"}],"wp:attachment":[{"href":"https:\/\/baldumarket.lt\/lt\/wp-json\/wp\/v2\/media?parent=159172"}],"wp:term":[{"taxonomy":"product_brand","embeddable":true,"href":"https:\/\/baldumarket.lt\/lt\/wp-json\/wp\/v2\/product_brand?post=159172"},{"taxonomy":"product_cat","embeddable":true,"href":"https:\/\/baldumarket.lt\/lt\/wp-json\/wp\/v2\/product_cat?post=159172"},{"taxonomy":"product_tag","embeddable":true,"href":"https:\/\/baldumarket.lt\/lt\/wp-json\/wp\/v2\/product_tag?post=159172"}],"curies":[{"name":"wp","href":"https:\/\/api.w.org\/{rel}","templated":true}]}}