{"id":159101,"date":"2025-12-19T00:25:23","date_gmt":"2025-12-18T21:25:23","guid":{"rendered":"https:\/\/baldumarket.lt\/product\/szafka-kuchenna-dolna-2d-sorento-d80-baltic-storm-bezowy-mat\/"},"modified":"2026-02-18T11:14:20","modified_gmt":"2026-02-18T08:14:20","slug":"szafka-kuchenna-dolna-2d-sorento-d80-baltic-storm-bezowy-mat","status":"publish","type":"product","link":"https:\/\/baldumarket.lt\/lt\/product\/szafka-kuchenna-dolna-2d-sorento-d80-baltic-storm-bezowy-mat\/","title":{"rendered":"Apatin\u0117 virtuv\u0117s spintel\u0117 2D Sorento D80 Baltic Storm Beige Matte"},"content":{"rendered":"<p>Paverskite savo virtuv\u0119 modernia ir elegancija alsuojan\u010dia erdve su matin\u0117s sm\u0117lio spalvos \u201eSorento D80\u201c apatine spintele. \u0160i spintel\u0117 puikiai derina elegancij\u0105 ir funkcionalum\u0105, pasi\u017eym\u0117dama stilingu \u201eBaltic Storm\u201c dizainu, kuris neabejotinai papildys j\u016bs\u0173 virtuv\u0117s estetik\u0105. Subtilus matin\u0117s sm\u0117lio spalvos fasadas suteikia interjerui subtilumo ir \u0161ilumos, sukurdamas jauki\u0105 atmosfer\u0105. Kasdien naudodami \u012fvertinsite \u0161ios spintel\u0117s ergonomik\u0105 ir funkcionalum\u0105. \u201eClip-On\u201c vyriai su \u0161velnaus u\u017edarymo funkcija leid\u017eia ne tik lengvai, bet ir maloniai atidaryti bei u\u017edaryti duris. Patvari juodo metalo rankena suteikia charakterio ir modernumo, der\u0117dama prie bendros spintel\u0117s estetikos. \u201eSorento D80\u201c spintel\u0117 buvo sukurta atsi\u017evelgiant \u012f prakti\u0161kum\u0105. Laminuota plok\u0161t\u0117, naudojama fasadams ir korpusui, u\u017etikrina patvarum\u0105 ir atsparum\u0105 kasdieniam naudojimui. Tai ypa\u010d naudinga dinami\u0161koje virtuv\u0117s aplinkoje, kur baldai yra veikiami dr\u0117gm\u0117s ir ne\u0161varum\u0173. Reguliuojamos kojel\u0117s leid\u017eia reguliuoti auk\u0161t\u012f pagal savo poreikius, tod\u0117l \u0161i spintel\u0117 tampa dar funkcionalesn\u0117.<\/p>","protected":false},"excerpt":{"rendered":"<p>Plotis (cm): 80<br \/>\n\u016agis (cm): 87<br \/>\nGylis (cm): 52<\/p>","protected":false},"featured_media":159102,"comment_status":"open","ping_status":"open","template":"","meta":[],"product_brand":[],"product_cat":[9436,4106],"product_tag":[],"class_list":{"0":"post-159101","1":"product","2":"type-product","3":"status-publish","4":"has-post-thumbnail","6":"product_cat-kitchen-system-sorento","7":"product_cat-gala-meble","9":"first","10":"instock","11":"purchasable","12":"product-type-simple"},"_links":{"self":[{"href":"https:\/\/baldumarket.lt\/lt\/wp-json\/wp\/v2\/product\/159101","targetHints":{"allow":["GET"]}}],"collection":[{"href":"https:\/\/baldumarket.lt\/lt\/wp-json\/wp\/v2\/product"}],"about":[{"href":"https:\/\/baldumarket.lt\/lt\/wp-json\/wp\/v2\/types\/product"}],"replies":[{"embeddable":true,"href":"https:\/\/baldumarket.lt\/lt\/wp-json\/wp\/v2\/comments?post=159101"}],"wp:featuredmedia":[{"embeddable":true,"href":"https:\/\/baldumarket.lt\/lt\/wp-json\/wp\/v2\/media\/159102"}],"wp:attachment":[{"href":"https:\/\/baldumarket.lt\/lt\/wp-json\/wp\/v2\/media?parent=159101"}],"wp:term":[{"taxonomy":"product_brand","embeddable":true,"href":"https:\/\/baldumarket.lt\/lt\/wp-json\/wp\/v2\/product_brand?post=159101"},{"taxonomy":"product_cat","embeddable":true,"href":"https:\/\/baldumarket.lt\/lt\/wp-json\/wp\/v2\/product_cat?post=159101"},{"taxonomy":"product_tag","embeddable":true,"href":"https:\/\/baldumarket.lt\/lt\/wp-json\/wp\/v2\/product_tag?post=159101"}],"curies":[{"name":"wp","href":"https:\/\/api.w.org\/{rel}","templated":true}]}}