{"id":159024,"date":"2025-12-19T00:22:37","date_gmt":"2025-12-18T21:22:37","guid":{"rendered":"https:\/\/baldumarket.lt\/product\/szafka-kuchenna-dolna-2d-zabudowa-lodowki-sorento-d60zln-p-l-puccini\/"},"modified":"2026-02-18T11:13:47","modified_gmt":"2026-02-18T08:13:47","slug":"szafka-kuchenna-dolna-2d-zabudowa-lodowki-sorento-d60zln-p-l-puccini","status":"publish","type":"product","link":"https:\/\/baldumarket.lt\/lt\/product\/szafka-kuchenna-dolna-2d-zabudowa-lodowki-sorento-d60zln-p-l-puccini\/","title":{"rendered":"Apatin\u0117 2D virtuv\u0117s spintel\u0117 \u0161aldytuvui Sorento D60ZLN P\/L Puccini"},"content":{"rendered":"<p>Elegancija ir funkcionalumas susitinka \u201ePuccini Sorento D60ZLN 2-D\u201c apatin\u0117je virtuv\u0117s spintel\u0117je su \u0161aldytuvu. Gra\u017ei \u201ePuccini\u201c spalva suteiks j\u016bs\u0173 virtuvei \u0161ilumos ir rafinuoto stiliaus, tikrai prad\u017eiugindama kiekvien\u0105 sve\u010di\u0105. Tai puikus sprendimas tiems, kurie ie\u0161ko modernaus dizaino ir kasdienio prakti\u0161kumo. Auk\u0161tos kokyb\u0117s med\u017eiagos, i\u0161 kuri\u0173 pagaminta \u0161i spintel\u0117, u\u017etikrina ne tik patvarum\u0105, bet ir elegancij\u0105 d\u0117l laminuot\u0173 fasad\u0173 ir korpuso. Juodos metalin\u0117s rankenos suteikia spintelei modernaus charakterio, tod\u0117l ji tampa unikaliu akcentu bet kurioje virtuv\u0117s erdv\u0117je. J\u0173 d\u0117ka j\u016bs\u0173 prietaisai taps neatsiejama dekoro dalimi. Taip pat verta pamin\u0117ti i\u0161skirtin\u012f \u0161ios spintel\u0117s funkcionalum\u0105. Ji sukurta taip, kad b\u016bt\u0173 lengva montuoti \u0161aldytuv\u0105, leid\u017eiant maksimaliai i\u0161naudoti erdv\u0119 j\u016bs\u0173 namuose. Reguliuojamos kojel\u0117s leid\u017eia reguliuoti auk\u0161t\u012f \u2013 tai papildomas privalumas, didinantis komfort\u0105. Auk\u0161tos kojel\u0117s suteikia lengvumo ir modernumo, teigiamai paveikdamos visos virtuv\u0117s estetik\u0105.<\/p>","protected":false},"excerpt":{"rendered":"<p>Plotis (cm): 60<br \/>\n\u016agis (cm): 247<br \/>\nGylis (cm): 58<\/p>","protected":false},"featured_media":159025,"comment_status":"open","ping_status":"open","template":"","meta":[],"product_brand":[],"product_cat":[9436,4106],"product_tag":[],"class_list":{"0":"post-159024","1":"product","2":"type-product","3":"status-publish","4":"has-post-thumbnail","6":"product_cat-kitchen-system-sorento","7":"product_cat-gala-meble","9":"first","10":"instock","11":"purchasable","12":"product-type-simple"},"_links":{"self":[{"href":"https:\/\/baldumarket.lt\/lt\/wp-json\/wp\/v2\/product\/159024","targetHints":{"allow":["GET"]}}],"collection":[{"href":"https:\/\/baldumarket.lt\/lt\/wp-json\/wp\/v2\/product"}],"about":[{"href":"https:\/\/baldumarket.lt\/lt\/wp-json\/wp\/v2\/types\/product"}],"replies":[{"embeddable":true,"href":"https:\/\/baldumarket.lt\/lt\/wp-json\/wp\/v2\/comments?post=159024"}],"wp:featuredmedia":[{"embeddable":true,"href":"https:\/\/baldumarket.lt\/lt\/wp-json\/wp\/v2\/media\/159025"}],"wp:attachment":[{"href":"https:\/\/baldumarket.lt\/lt\/wp-json\/wp\/v2\/media?parent=159024"}],"wp:term":[{"taxonomy":"product_brand","embeddable":true,"href":"https:\/\/baldumarket.lt\/lt\/wp-json\/wp\/v2\/product_brand?post=159024"},{"taxonomy":"product_cat","embeddable":true,"href":"https:\/\/baldumarket.lt\/lt\/wp-json\/wp\/v2\/product_cat?post=159024"},{"taxonomy":"product_tag","embeddable":true,"href":"https:\/\/baldumarket.lt\/lt\/wp-json\/wp\/v2\/product_tag?post=159024"}],"curies":[{"name":"wp","href":"https:\/\/api.w.org\/{rel}","templated":true}]}}