{"id":153055,"date":"2025-12-18T06:03:24","date_gmt":"2025-12-18T03:03:24","guid":{"rendered":"https:\/\/baldumarket.lt\/?post_type=product&#038;p=153055"},"modified":"2026-02-03T23:33:40","modified_gmt":"2026-02-03T20:33:40","slug":"naroznik-voss-l-lewy-gr1","status":"publish","type":"product","link":"https:\/\/baldumarket.lt\/lt\/product\/naroznik-voss-l-lewy-gr1\/","title":{"rendered":"Voss kampin\u0117 sofa L kair\u0117 Gr1"},"content":{"rendered":"<h5><span style=\"color: #54859b\">Apsilankykite m\u016bs\u0173 virtualioje WERSAL prek\u0117s \u017eenklo parduotuv\u0117je<\/span><\/h5>\n<p> <a href=\"https:\/\/my.matterport.com\/show\/?m=SjRhosZFbQJ\" target=\"_blank\" rel=\"noopener\"><span style=\"color: #e47025\">https:\/\/my.matterport.com\/<\/span><\/a><\/p>\n<p>Kasdienis komfortas ir funkcionalumas<br \/>\nKampin\u0117 sofa \u201eVoss\u201c skirta tiems, kurie ie\u0161ko bald\u0173, kurie derint\u0173 kasdien\u012f komfort\u0105 su prakti\u0161kais sprendimais. D\u0117l poliuretano put\u0173 naudojimo s\u0117dyn\u0117je ir atlo\u0161e, kampin\u0117 sofa u\u017etikrina auk\u0161t\u0105 komforto lyg\u012f, nesvarbu, ar planuojate atsipalaidavimo akimirk\u0105 su knyga, ar didesn\u012f susib\u016brim\u0105. 271 cm plo\u010dio ir 177 cm gylio sofa yra erdvi kampin\u0117 sofa, kurioje lengvai telpa trys \u017emon\u0117s. 46 cm s\u0117dyn\u0117s auk\u0161tis u\u017etikrina patog\u0173 stov\u0117jim\u0105 ir s\u0117d\u0117jim\u0105, o 75 cm s\u0117dyn\u0117s gylis \u2013 patogi\u0105 laikysen\u0105 tiek s\u0117dint, tiek gulint.<br \/>\nDaugiafunkcinis darbas su moderniu akcentu<br \/>\nKampin\u0117 sofa \u201eVoss\u201c turi delfino miegojimo funkcij\u0105, o tai rei\u0161kia, kad vos keliais paprastais \u017eingsniais galite j\u0105 paversti patogia lova su 220 x 140 cm miegojimo plotu. \u0160is mechanizmas yra labai paprastas naudoti ir nereikalauja pastang\u0173, o tai \u012fvertins visi vartotojai, nepriklausomai nuo am\u017eiaus. Sofoje taip pat yra patalyn\u0117s skyrius, leid\u017eiantis susitvarkyti svetain\u0119, pasl\u0117piant antklodes, pagalves ar kitus tekstil\u0117s gaminius. D\u0117l to kampin\u0117 sofa puikiai tinka ne tik kasdieniam poilsiui, bet ir kaip laikina sve\u010di\u0173 lova. Papildomas privalumas \u2013 poilsio funkcija, leid\u017eianti reguliuoti galvos atramas ir suteikti atram\u0105 kaklui bei galvai atsipalaiduojant.<br \/>\nStilius, papildantis interjer\u0105<br \/>\nGalvos atramos, porankiai ir modernus dizainas leid\u017eia \u201eVoss\u201c kampinei sofai atitikti dabartines dizaino tendencijas. Baldo stili\u0173 pabr\u0117\u017eia paprastos linijos, geometrin\u0117s si\u016bl\u0117s ir auk\u0161tos kojel\u0117s, kurios suteikia lengvumo ir elegancijos. Stabilus medinis pagrindas u\u017etikrina patvarum\u0105 ir tvirtum\u0105, tuo pa\u010diu sustiprindamas kampin\u0117s sofos vizualin\u012f charakter\u012f. Auk\u0161tos kojel\u0117s ne tik pagerina i\u0161vaizd\u0105, bet ir padeda palaikyti tvark\u0105 po sofa, leisdamos lengvai pasiekti erdv\u0119 po s\u0117dyne.<br \/>\nI\u0161d\u0117stymo galimyb\u0117s j\u016bs\u0173 namuose<br \/>\nKampin\u0117 sofa \u201eVoss\u201c puikiai tiks tiek erdviai svetainei, tiek ma\u017eai svetainei, kur erdv\u0117s optimizavimas yra labai svarbus. Ji gali tarnauti kaip poilsio zonos traukos ta\u0161kas, sukuriantis erdv\u0119 \u0161eimos susib\u016brimams, televizoriaus \u017ei\u016br\u0117jimui ar kasdieniam poilsiui. D\u0117l gerai apgalvoto dizaino \u0161is baldas leid\u017eia patogiai naudotis kiekvienam nam\u0173 \u016bkio nariui \u2013 tiek vakarais kartu, tiek poilsio akimirkomis vienam. Prakti\u0161kos savyb\u0117s kartu su universaliu stiliumi daro j\u012f puikiu pasirinkimu tiems, kurie vertina komfort\u0105, funkcionalum\u0105 ir modern\u0173 dizain\u0105.<\/p>","protected":false},"excerpt":{"rendered":"<p>Plotis: 271 cm<br \/>\nGylis: 177 cm<br \/>\nAuk\u0161tis: 94 cm<br \/>\nMiegamosios dalies plotis: 140 cm<br \/>\nMiegamosios dalies ilgis: 220 cm<br \/>\nS\u0117dyn\u0117s gylis: 75 cm<br \/>\nS\u0117dyn\u0117s auk\u0161tis: 46 cm<br \/>\nAtrama: ant koj\u0173<br \/>\nPus\u0117: De\u0161in\u0117<\/p>","protected":false},"featured_media":153138,"comment_status":"open","ping_status":"closed","template":"","meta":[],"product_brand":[],"product_cat":[9386,616,1983,4104],"product_tag":[],"class_list":{"0":"post-153055","1":"product","2":"type-product","3":"status-publish","4":"has-post-thumbnail","6":"product_cat-avangarde-wersal-upholstered-furniture","7":"product_cat-corners","8":"product_cat-corners-l","9":"product_cat-wersal","11":"first","12":"instock","13":"shipping-taxable","14":"purchasable","15":"product-type-variable","16":"wvs-archive-product-wrapper"},"_links":{"self":[{"href":"https:\/\/baldumarket.lt\/lt\/wp-json\/wp\/v2\/product\/153055","targetHints":{"allow":["GET"]}}],"collection":[{"href":"https:\/\/baldumarket.lt\/lt\/wp-json\/wp\/v2\/product"}],"about":[{"href":"https:\/\/baldumarket.lt\/lt\/wp-json\/wp\/v2\/types\/product"}],"replies":[{"embeddable":true,"href":"https:\/\/baldumarket.lt\/lt\/wp-json\/wp\/v2\/comments?post=153055"}],"wp:featuredmedia":[{"embeddable":true,"href":"https:\/\/baldumarket.lt\/lt\/wp-json\/wp\/v2\/media\/153138"}],"wp:attachment":[{"href":"https:\/\/baldumarket.lt\/lt\/wp-json\/wp\/v2\/media?parent=153055"}],"wp:term":[{"taxonomy":"product_brand","embeddable":true,"href":"https:\/\/baldumarket.lt\/lt\/wp-json\/wp\/v2\/product_brand?post=153055"},{"taxonomy":"product_cat","embeddable":true,"href":"https:\/\/baldumarket.lt\/lt\/wp-json\/wp\/v2\/product_cat?post=153055"},{"taxonomy":"product_tag","embeddable":true,"href":"https:\/\/baldumarket.lt\/lt\/wp-json\/wp\/v2\/product_tag?post=153055"}],"curies":[{"name":"wp","href":"https:\/\/api.w.org\/{rel}","templated":true}]}}