{"id":149598,"date":"2025-12-18T03:13:21","date_gmt":"2025-12-18T00:13:21","guid":{"rendered":"https:\/\/baldumarket.lt\/?post_type=product&#038;p=149598"},"modified":"2026-02-04T10:06:22","modified_gmt":"2026-02-04T07:06:22","slug":"pufa-velpa-gr1","status":"publish","type":"product","link":"https:\/\/baldumarket.lt\/lt\/product\/pufa-velpa-gr1\/","title":{"rendered":"Velpa Gr1 pufas"},"content":{"rendered":"<h5><span style=\"color: #54859b\">Apsilankykite m\u016bs\u0173 virtualioje WERSAL prek\u0117s \u017eenklo parduotuv\u0117je<\/span><\/h5>\n<p> <a href=\"https:\/\/my.matterport.com\/show\/?m=SjRhosZFbQJ\" target=\"_blank\" rel=\"noopener\"><span style=\"color: #e47025\">https:\/\/my.matterport.com\/<\/span><\/a><\/p>\n<p>\u201eVelpa\u201c pufas \u2013 tai baldas, sukurtas modernaus dizaino ir maksimalaus dizaino lankstumo m\u0117g\u0117jams. I\u0161skirtin\u0117, \u0161velni ir apvali forma suteikia harmonijos ir jaukumo bet kokiam interjerui. Platus spalv\u0173 ir audini\u0173 pasirinkimas leid\u017eia \u0161iam pufui puikiai der\u0117ti prie bet kokio stiliaus \u2013 nuo minimalistinio iki prabangaus. Ma\u017eos, bet stabilios juodos kojel\u0117s garantuoja modern\u0173 vaizd\u0105 ir tvirt\u0105 atram\u0105. 90 cm plo\u010dio, 64 cm gylio ir 46 cm auk\u0161\u010dio \u201eVelpa\u201c pufas yra itin universalus. Jis gali b\u016bti patogus pakojis, prakti\u0161ka papildoma s\u0117dyn\u0117 arba dizainerio sukurtas staliukas. \u0160is eleganti\u0161kas pufas sukurtas atsi\u017evelgiant \u012f visi\u0161k\u0105 pritaikym\u0105.<\/p>","protected":false},"excerpt":{"rendered":"<p>Plotis: 90 cm<br \/>\nGylis: 64 cm<br \/>\nAuk\u0161tis: 46 cm<br \/>\nKojos auk\u0161tis: 10 cm<br \/>\nKoj\u0173 spalva: juoda<br \/>\nKoj\u0173 med\u017eiaga: mediena<br \/>\nSvoris: 16 kg<\/p>","protected":false},"featured_media":149643,"comment_status":"open","ping_status":"closed","template":"","meta":[],"product_brand":[],"product_cat":[9395,826,4104],"product_tag":[],"class_list":{"0":"post-149598","1":"product","2":"type-product","3":"status-publish","4":"has-post-thumbnail","6":"product_cat-upholstered-furniture-accessories-wersal","7":"product_cat-poufs","8":"product_cat-wersal","10":"first","11":"instock","12":"shipping-taxable","13":"purchasable","14":"product-type-variable","15":"wvs-archive-product-wrapper"},"_links":{"self":[{"href":"https:\/\/baldumarket.lt\/lt\/wp-json\/wp\/v2\/product\/149598","targetHints":{"allow":["GET"]}}],"collection":[{"href":"https:\/\/baldumarket.lt\/lt\/wp-json\/wp\/v2\/product"}],"about":[{"href":"https:\/\/baldumarket.lt\/lt\/wp-json\/wp\/v2\/types\/product"}],"replies":[{"embeddable":true,"href":"https:\/\/baldumarket.lt\/lt\/wp-json\/wp\/v2\/comments?post=149598"}],"wp:featuredmedia":[{"embeddable":true,"href":"https:\/\/baldumarket.lt\/lt\/wp-json\/wp\/v2\/media\/149643"}],"wp:attachment":[{"href":"https:\/\/baldumarket.lt\/lt\/wp-json\/wp\/v2\/media?parent=149598"}],"wp:term":[{"taxonomy":"product_brand","embeddable":true,"href":"https:\/\/baldumarket.lt\/lt\/wp-json\/wp\/v2\/product_brand?post=149598"},{"taxonomy":"product_cat","embeddable":true,"href":"https:\/\/baldumarket.lt\/lt\/wp-json\/wp\/v2\/product_cat?post=149598"},{"taxonomy":"product_tag","embeddable":true,"href":"https:\/\/baldumarket.lt\/lt\/wp-json\/wp\/v2\/product_tag?post=149598"}],"curies":[{"name":"wp","href":"https:\/\/api.w.org\/{rel}","templated":true}]}}