{"id":149230,"date":"2025-12-18T02:41:17","date_gmt":"2025-12-17T23:41:17","guid":{"rendered":"https:\/\/baldumarket.lt\/?post_type=product&#038;p=149230"},"modified":"2026-02-04T10:01:03","modified_gmt":"2026-02-04T07:01:03","slug":"sofa-tino-120-gr1","status":"publish","type":"product","link":"https:\/\/baldumarket.lt\/lt\/product\/sofa-tino-120-gr1\/","title":{"rendered":"Tino 120 Gr1 sofa"},"content":{"rendered":"<h5><span style=\"color: #54859b\">Apsilankykite m\u016bs\u0173 virtualioje WERSAL prek\u0117s \u017eenklo parduotuv\u0117je<\/span><\/h5>\n<p> <a href=\"https:\/\/my.matterport.com\/show\/?m=SjRhosZFbQJ\" target=\"_blank\" rel=\"noopener\"><span style=\"color: #e47025\">https:\/\/my.matterport.com\/<\/span><\/a><\/p>\n<p>\u201eTino\u201c sofa \u2013 eleganti\u0161kas ir funkcionalus modelis, puikiai papildantis tiek modern\u0173, tiek klasikin\u012f interjer\u0105. Subtilus dizainas, auk\u0161tos kokyb\u0117s apdaila ir trys plo\u010dio variantai daro j\u0105 idealiu sprendimu tiek ma\u017eoms, tiek didel\u0117ms erdv\u0117ms. Did\u017eiausias sofos privalumas \u2013 Italijoje pagaminta i\u0161lankstoma sistema su viso dyd\u017eio 120 x 200 cm \u010diu\u017einiu, kuris u\u017etikrina miego komfort\u0105, prilygstant\u012f tradicinei lovai. D\u0117l patvari\u0173 komponent\u0173, vingiuot\u0173 spyruokli\u0173 ir labai elastingo putplas\u010dio \u201eTino\u201c derina i\u0161skirtin\u012f komfort\u0105 su nesenstan\u010dia estetika.<\/p>","protected":false},"excerpt":{"rendered":"<p>Plotis: 167 cm<br \/>\nGylis: 97 cm<br \/>\nAuk\u0161tis: 84 cm<br \/>\nS\u0117dyn\u0117s auk\u0161tis: 47 cm<br \/>\nKojos auk\u0161tis: 8 cm<br \/>\nKoj\u0173 spalva: juoda<br \/>\nKojeli\u0173 med\u017eiaga: metalas<\/p>","protected":false},"featured_media":149307,"comment_status":"open","ping_status":"closed","template":"","meta":[],"product_brand":[],"product_cat":[9388,560,4104],"product_tag":[],"class_list":{"0":"post-149230","1":"product","2":"type-product","3":"status-publish","4":"has-post-thumbnail","6":"product_cat-upholstered-furniture-young-wersal","7":"product_cat-sofas-and-couches","8":"product_cat-wersal","10":"first","11":"instock","12":"shipping-taxable","13":"purchasable","14":"product-type-variable","15":"wvs-archive-product-wrapper"},"_links":{"self":[{"href":"https:\/\/baldumarket.lt\/lt\/wp-json\/wp\/v2\/product\/149230","targetHints":{"allow":["GET"]}}],"collection":[{"href":"https:\/\/baldumarket.lt\/lt\/wp-json\/wp\/v2\/product"}],"about":[{"href":"https:\/\/baldumarket.lt\/lt\/wp-json\/wp\/v2\/types\/product"}],"replies":[{"embeddable":true,"href":"https:\/\/baldumarket.lt\/lt\/wp-json\/wp\/v2\/comments?post=149230"}],"wp:featuredmedia":[{"embeddable":true,"href":"https:\/\/baldumarket.lt\/lt\/wp-json\/wp\/v2\/media\/149307"}],"wp:attachment":[{"href":"https:\/\/baldumarket.lt\/lt\/wp-json\/wp\/v2\/media?parent=149230"}],"wp:term":[{"taxonomy":"product_brand","embeddable":true,"href":"https:\/\/baldumarket.lt\/lt\/wp-json\/wp\/v2\/product_brand?post=149230"},{"taxonomy":"product_cat","embeddable":true,"href":"https:\/\/baldumarket.lt\/lt\/wp-json\/wp\/v2\/product_cat?post=149230"},{"taxonomy":"product_tag","embeddable":true,"href":"https:\/\/baldumarket.lt\/lt\/wp-json\/wp\/v2\/product_tag?post=149230"}],"curies":[{"name":"wp","href":"https:\/\/api.w.org\/{rel}","templated":true}]}}