{"id":149208,"date":"2025-12-18T02:39:22","date_gmt":"2025-12-17T23:39:22","guid":{"rendered":"https:\/\/baldumarket.lt\/?post_type=product&#038;p=149208"},"modified":"2026-02-04T10:01:03","modified_gmt":"2026-02-04T07:01:03","slug":"sofa-tino-160-gr1","status":"publish","type":"product","link":"https:\/\/baldumarket.lt\/lt\/product\/sofa-tino-160-gr1\/","title":{"rendered":"Sofa Tino 160 Gr1"},"content":{"rendered":"<h5><span style=\"color: #54859b\">Apsilankykite m\u016bs\u0173 virtualioje WERSAL prek\u0117s \u017eenklo parduotuv\u0117je<\/span><\/h5>\n<p> <a href=\"https:\/\/my.matterport.com\/show\/?m=SjRhosZFbQJ\" target=\"_blank\" rel=\"noopener\"><span style=\"color: #e47025\">https:\/\/my.matterport.com\/<\/span><\/a><\/p>\n<p>\u201eYoung\u201c kolekcijos \u201eTino\u201c sofa \u2013 eleganti\u0161kas ir nesenstantis baldas, puikiai tiksiantis bet kokiame interjere \u2013 nuo erdvios svetain\u0117s iki paauglio kambario. Minimalistin\u0117 forma ir kruop\u0161\u010diai apgalvotos detal\u0117s sukuria harmoning\u0105, stiling\u0105 vaizd\u0105, o platus audini\u0173 pasirinkimas leid\u017eia pritaikyti bald\u0105 prie individualaus stiliaus. Ji turi miegojimo funkcij\u0105 su modernia itali\u0161ka \u201eRapid\u201c sistema ir stor\u0105, 14 centimetr\u0173 \u010diu\u017ein\u012f, u\u017etikrinant\u012f komfort\u0105, pana\u0161\u0173 \u012f tradicin\u0119 lov\u0105. Patogios reguliuojamos galvos atramos, auk\u0161tos kokyb\u0117s komponentai ir stabili konstrukcija paver\u010dia \u201eTino Young\u201c funkcionaliu, patvariu ir i\u0161skirtinai patogiu baldu kasdieniam naudojimui.<\/p>","protected":false},"excerpt":{"rendered":"<p>Plotis: 207 cm<br \/>\nGylis: 97 cm<br \/>\nAuk\u0161tis: 84 cm<br \/>\nS\u0117dyn\u0117s auk\u0161tis: 47 cm<br \/>\nKojos auk\u0161tis: 8 cm<br \/>\nKoj\u0173 spalva: juoda<br \/>\nKojeli\u0173 med\u017eiaga: metalas<\/p>","protected":false},"featured_media":149291,"comment_status":"open","ping_status":"closed","template":"","meta":[],"product_brand":[],"product_cat":[9388,560,4104],"product_tag":[],"class_list":{"0":"post-149208","1":"product","2":"type-product","3":"status-publish","4":"has-post-thumbnail","6":"product_cat-upholstered-furniture-young-wersal","7":"product_cat-sofas-and-couches","8":"product_cat-wersal","10":"first","11":"instock","12":"shipping-taxable","13":"purchasable","14":"product-type-variable","15":"wvs-archive-product-wrapper"},"_links":{"self":[{"href":"https:\/\/baldumarket.lt\/lt\/wp-json\/wp\/v2\/product\/149208","targetHints":{"allow":["GET"]}}],"collection":[{"href":"https:\/\/baldumarket.lt\/lt\/wp-json\/wp\/v2\/product"}],"about":[{"href":"https:\/\/baldumarket.lt\/lt\/wp-json\/wp\/v2\/types\/product"}],"replies":[{"embeddable":true,"href":"https:\/\/baldumarket.lt\/lt\/wp-json\/wp\/v2\/comments?post=149208"}],"wp:featuredmedia":[{"embeddable":true,"href":"https:\/\/baldumarket.lt\/lt\/wp-json\/wp\/v2\/media\/149291"}],"wp:attachment":[{"href":"https:\/\/baldumarket.lt\/lt\/wp-json\/wp\/v2\/media?parent=149208"}],"wp:term":[{"taxonomy":"product_brand","embeddable":true,"href":"https:\/\/baldumarket.lt\/lt\/wp-json\/wp\/v2\/product_brand?post=149208"},{"taxonomy":"product_cat","embeddable":true,"href":"https:\/\/baldumarket.lt\/lt\/wp-json\/wp\/v2\/product_cat?post=149208"},{"taxonomy":"product_tag","embeddable":true,"href":"https:\/\/baldumarket.lt\/lt\/wp-json\/wp\/v2\/product_tag?post=149208"}],"curies":[{"name":"wp","href":"https:\/\/api.w.org\/{rel}","templated":true}]}}