{"id":148815,"date":"2025-12-18T01:14:09","date_gmt":"2025-12-17T22:14:09","guid":{"rendered":"https:\/\/baldumarket.lt\/?post_type=product&#038;p=148815"},"modified":"2026-02-03T23:34:51","modified_gmt":"2026-02-03T20:34:51","slug":"naroznik-livio-gr1","status":"publish","type":"product","link":"https:\/\/baldumarket.lt\/lt\/product\/naroznik-livio-gr1\/","title":{"rendered":"Livio Gr1 kampin\u0117 sofa"},"content":{"rendered":"<h5><span style=\"color: #54859b\">Apsilankykite m\u016bs\u0173 virtualioje WERSAL prek\u0117s \u017eenklo parduotuv\u0117je<\/span><\/h5>\n<p> <a href=\"https:\/\/my.matterport.com\/show\/?m=SjRhosZFbQJ\" target=\"_blank\" rel=\"noopener\"><span style=\"color: #e47025\">https:\/\/my.matterport.com\/<\/span><\/a><\/p>\n<p>\u201eLivio\u201c kampin\u0117 sofa \u2013 tai tobulas elegancijos, komforto ir funkcionalumo derinys. Ji turi miegojimo funkcij\u0105 su ve\u017eim\u0117lio sistema, patalyn\u0117s d\u0117\u017e\u0119 ir tris reguliuojamas galvos atramas, tod\u0117l yra patogi ir prakti\u0161ka kasdieniam naudojimui. Auk\u0161tos kokyb\u0117s banguotos spyruokl\u0117s ir poliuretano putos u\u017etikrina patvarum\u0105 ir komfort\u0105, o apmu\u0161tas atlo\u0161as ir metalin\u0117s kojel\u0117s suteikia baldui modern\u0173 ir lengv\u0105 vaizd\u0105.<\/p>","protected":false},"excerpt":{"rendered":"<p>Forma: L<br \/>\nKampin\u0117 pus\u0117: Kair\u0117<br \/>\nKampin\u0117 pus\u0117: De\u0161in\u0117<br \/>\nPlotis: 249 cm<br \/>\nGylis: 93 cm<br \/>\nAuk\u0161tis: 74 cm<br \/>\nS\u0117dyn\u0117s auk\u0161tis: 45 cm<br \/>\nOsmano s\u0117dyn\u0117s gylis: 148 cm<br \/>\nOsmano plotis: 95 cm<br \/>\nKojos auk\u0161tis: 10 cm<br \/>\nKoj\u0173 spalva: juoda<br \/>\nKoj\u0173 med\u017eiaga: metalas<br \/>\nKonteinerio matmenys: 172 x 83 x 16 cm<\/p>","protected":false},"featured_media":148863,"comment_status":"open","ping_status":"closed","template":"","meta":[],"product_brand":[],"product_cat":[9386,616,1983,4104],"product_tag":[],"class_list":{"0":"post-148815","1":"product","2":"type-product","3":"status-publish","4":"has-post-thumbnail","6":"product_cat-avangarde-wersal-upholstered-furniture","7":"product_cat-corners","8":"product_cat-corners-l","9":"product_cat-wersal","11":"first","12":"instock","13":"shipping-taxable","14":"purchasable","15":"product-type-variable","16":"wvs-archive-product-wrapper"},"_links":{"self":[{"href":"https:\/\/baldumarket.lt\/lt\/wp-json\/wp\/v2\/product\/148815","targetHints":{"allow":["GET"]}}],"collection":[{"href":"https:\/\/baldumarket.lt\/lt\/wp-json\/wp\/v2\/product"}],"about":[{"href":"https:\/\/baldumarket.lt\/lt\/wp-json\/wp\/v2\/types\/product"}],"replies":[{"embeddable":true,"href":"https:\/\/baldumarket.lt\/lt\/wp-json\/wp\/v2\/comments?post=148815"}],"wp:featuredmedia":[{"embeddable":true,"href":"https:\/\/baldumarket.lt\/lt\/wp-json\/wp\/v2\/media\/148863"}],"wp:attachment":[{"href":"https:\/\/baldumarket.lt\/lt\/wp-json\/wp\/v2\/media?parent=148815"}],"wp:term":[{"taxonomy":"product_brand","embeddable":true,"href":"https:\/\/baldumarket.lt\/lt\/wp-json\/wp\/v2\/product_brand?post=148815"},{"taxonomy":"product_cat","embeddable":true,"href":"https:\/\/baldumarket.lt\/lt\/wp-json\/wp\/v2\/product_cat?post=148815"},{"taxonomy":"product_tag","embeddable":true,"href":"https:\/\/baldumarket.lt\/lt\/wp-json\/wp\/v2\/product_tag?post=148815"}],"curies":[{"name":"wp","href":"https:\/\/api.w.org\/{rel}","templated":true}]}}