{"id":148666,"date":"2025-12-18T01:01:46","date_gmt":"2025-12-17T22:01:46","guid":{"rendered":"https:\/\/baldumarket.lt\/?post_type=product&#038;p=148666"},"modified":"2026-02-03T23:34:54","modified_gmt":"2026-02-03T20:34:54","slug":"naroznik-elektryczny-mystic-gr1","status":"publish","type":"product","link":"https:\/\/baldumarket.lt\/lt\/product\/naroznik-elektryczny-mystic-gr1\/","title":{"rendered":"\u201eMystic Gr1\u201c elektrin\u0117 kampin\u0117 sofa"},"content":{"rendered":"<h5><span style=\"color: #54859b\">Apsilankykite m\u016bs\u0173 virtualioje WERSAL prek\u0117s \u017eenklo parduotuv\u0117je<\/span><\/h5>\n<p> <a href=\"https:\/\/my.matterport.com\/show\/?m=SjRhosZFbQJ\" target=\"_blank\" rel=\"noopener\"><span style=\"color: #e47025\">https:\/\/my.matterport.com\/<\/span><\/a><\/p>\n<p>Kampin\u0117 sofa \u201eMystic\u201c apjungia modern\u0173 elegancij\u0105, funkcionalum\u0105 ir auk\u0161\u010diausi\u0105 komfort\u0105. Ji turi elektra valdom\u0105 s\u0117dyn\u0119, judinamus porankius (dviem) ir ergonomi\u0161k\u0105 atlo\u0161\u0105, tod\u0117l galite visi\u0161kai pritaikyti s\u0117d\u0117jimo zon\u0105 pagal savo individualius poreikius. Konstrukcija, paremta vingiuotomis spyruokl\u0117mis ir N30 putplas\u010diu, garantuoja patvarum\u0105 ir komfort\u0105, o 15 cm metalin\u0117s kojel\u0117s suteikia dizainui lengvumo ir modernumo.<\/p>","protected":false},"excerpt":{"rendered":"<p>Forma: L<br \/>\nKampin\u0117 pus\u0117: Kair\u0117<br \/>\nKampin\u0117 pus\u0117: De\u0161in\u0117<br \/>\nPlotis: 284 cm<br \/>\nGylis: 102 cm<br \/>\nAuk\u0161tis: 90 cm<br \/>\nS\u0117dyn\u0117s auk\u0161tis: 47 cm<br \/>\nOsmano plotis: 127 cm<br \/>\nOsmano gylis: 135 cm<br \/>\nKojos auk\u0161tis: 15 cm<br \/>\nKoj\u0173 spalva: juoda<br \/>\nKoj\u0173 med\u017eiaga: metalas<br \/>\nSvoris: 124 kg<\/p>","protected":false},"featured_media":148715,"comment_status":"open","ping_status":"closed","template":"","meta":[],"product_brand":[],"product_cat":[9386,616,1983,4104],"product_tag":[],"class_list":{"0":"post-148666","1":"product","2":"type-product","3":"status-publish","4":"has-post-thumbnail","6":"product_cat-avangarde-wersal-upholstered-furniture","7":"product_cat-corners","8":"product_cat-corners-l","9":"product_cat-wersal","11":"first","12":"instock","13":"shipping-taxable","14":"purchasable","15":"product-type-variable","16":"wvs-archive-product-wrapper"},"_links":{"self":[{"href":"https:\/\/baldumarket.lt\/lt\/wp-json\/wp\/v2\/product\/148666","targetHints":{"allow":["GET"]}}],"collection":[{"href":"https:\/\/baldumarket.lt\/lt\/wp-json\/wp\/v2\/product"}],"about":[{"href":"https:\/\/baldumarket.lt\/lt\/wp-json\/wp\/v2\/types\/product"}],"replies":[{"embeddable":true,"href":"https:\/\/baldumarket.lt\/lt\/wp-json\/wp\/v2\/comments?post=148666"}],"wp:featuredmedia":[{"embeddable":true,"href":"https:\/\/baldumarket.lt\/lt\/wp-json\/wp\/v2\/media\/148715"}],"wp:attachment":[{"href":"https:\/\/baldumarket.lt\/lt\/wp-json\/wp\/v2\/media?parent=148666"}],"wp:term":[{"taxonomy":"product_brand","embeddable":true,"href":"https:\/\/baldumarket.lt\/lt\/wp-json\/wp\/v2\/product_brand?post=148666"},{"taxonomy":"product_cat","embeddable":true,"href":"https:\/\/baldumarket.lt\/lt\/wp-json\/wp\/v2\/product_cat?post=148666"},{"taxonomy":"product_tag","embeddable":true,"href":"https:\/\/baldumarket.lt\/lt\/wp-json\/wp\/v2\/product_tag?post=148666"}],"curies":[{"name":"wp","href":"https:\/\/api.w.org\/{rel}","templated":true}]}}